{"id":39,"date":"2014-09-23T10:42:56","date_gmt":"2014-09-23T08:42:56","guid":{"rendered":"http:\/\/e-f-j.eu\/?page_id=39"},"modified":"2019-07-31T13:11:49","modified_gmt":"2019-07-31T13:11:49","slug":"public-service-broadcasting","status":"publish","type":"page","link":"https:\/\/europeanjournalists.org\/de\/policy\/public-service-broadcasting\/","title":{"rendered":"\u00d6ffentlich-rechtlicher Rundfunk"},"content":{"rendered":"<p><strong>Mitglieder unserer ExpertInnen-Gruppe \u00d6ffentlich-rechtlicher Rundfunk (BREG):<\/strong><\/p>\n<div class=\"sidebar-wrapper\">\n<div class=\"textwidget\">\n<p>Ago Ga\u0161kov (Estland)<br \/>\nBorka Rudi\u0107 (Bosnien &amp; Herzegovina)<br \/>\nPilar Ortega (Spanien)<br \/>\nJohn Barsby (UK &amp; Irland)<br \/>\nJohannes Duchrow (Deutschland)<br \/>\nLu\u00eds Men\u00e9ndez (Spanien)<br \/>\nChristiana Jankovics (\u00d6sterreich)<br \/>\nPedro Rothes (Portugal)<br \/>\nRolf Johansen (Norwegen)<br \/>\nSusanna Sj\u00f6stedt (Finnland)<br \/>\nAndrea Hansen (Deutschland)<br \/>\nLidia Galeazzo (Italien)<br \/>\nJelena Obu\u0107ina (Serbien)<br \/>\nCarolina Pecharroman (Spanien)<br \/>\nRoger Franco Hernandez (Spanien) (Reserve)<br \/>\nMouloud Aissou (Frankreich)<br \/>\nMoschos Voitsidis (Griechenland)<br \/>\nSanja Kljajic (Serbien)<\/p>\n<\/div>\n<\/div>\n<div class=\"clearfix\"><\/div>\n","protected":false},"excerpt":{"rendered":"<p>Mitglieder unserer ExpertInnen-Gruppe \u00d6ffentlich-rechtlicher Rundfunk (BREG): Ago Ga\u0161kov (Estland) Borka Rudi\u0107 (Bosnien &amp; Herzegovina) Pilar Ortega (Spanien) John Barsby (UK &amp; Irland) Johannes Duchrow (Deutschland) Lu\u00eds Men\u00e9ndez (Spanien) Christiana Jankovics (\u00d6sterreich) Pedro Rothes (Portugal) Rolf Johansen (Norwegen) Susanna Sj\u00f6stedt (Finnland) Andrea Hansen (Deutschland) Lidia Galeazzo (Italien) Jelena Obu\u0107ina (Serbien) Carolina Pecharroman (Spanien) Roger Franco Hernandez (Spanien) (Reserve) Mouloud Aissou (Frankreich) Moschos Voitsidis (Griechenland) Sanja Kljajic (Serbien)<\/p>\n","protected":false},"author":1,"featured_media":0,"parent":15,"menu_order":6,"comment_status":"open","ping_status":"closed","template":"page-no-sidebar.php","meta":{"footnotes":""},"class_list":["post-39","page","type-page","status-publish","hentry"],"_links":{"self":[{"href":"https:\/\/europeanjournalists.org\/de\/wp-json\/wp\/v2\/pages\/39","targetHints":{"allow":["GET"]}}],"collection":[{"href":"https:\/\/europeanjournalists.org\/de\/wp-json\/wp\/v2\/pages"}],"about":[{"href":"https:\/\/europeanjournalists.org\/de\/wp-json\/wp\/v2\/types\/page"}],"author":[{"embeddable":true,"href":"https:\/\/europeanjournalists.org\/de\/wp-json\/wp\/v2\/users\/1"}],"replies":[{"embeddable":true,"href":"https:\/\/europeanjournalists.org\/de\/wp-json\/wp\/v2\/comments?post=39"}],"version-history":[{"count":3,"href":"https:\/\/europeanjournalists.org\/de\/wp-json\/wp\/v2\/pages\/39\/revisions"}],"predecessor-version":[{"id":2624,"href":"https:\/\/europeanjournalists.org\/de\/wp-json\/wp\/v2\/pages\/39\/revisions\/2624"}],"up":[{"embeddable":true,"href":"https:\/\/europeanjournalists.org\/de\/wp-json\/wp\/v2\/pages\/15"}],"wp:attachment":[{"href":"https:\/\/europeanjournalists.org\/de\/wp-json\/wp\/v2\/media?parent=39"}],"curies":[{"name":"wp","href":"https:\/\/api.w.org\/{rel}","templated":true}]}}