{"id":2467,"date":"2015-09-25T13:11:43","date_gmt":"2015-09-25T13:11:43","guid":{"rendered":"http:\/\/europeanjournalists.org\/fr\/?page_id=2467"},"modified":"2015-09-25T13:15:12","modified_gmt":"2015-09-25T13:15:12","slug":"groupe-dexperts-sur-les-medias-numeriques-egdm","status":"publish","type":"page","link":"https:\/\/europeanjournalists.org\/fr\/policy\/groupe-dexperts-sur-les-medias-numeriques-egdm\/","title":{"rendered":"Groupe d&rsquo;Experts sur les M\u00e9dias Num\u00e9riques (EGDM)"},"content":{"rendered":"<section class=\"main-content with-sidebar\">\n<article id=\"post-4326\" class=\"article post-4326 page type-page status-publish hentry\">\n<div class=\"article_content\">\n<p>Lors de son Assembl\u00e9e G\u00e9n\u00e9rale \u00e0 Verviers (Belgique), en 2013, la FEJ avait adopt\u00e9 une r\u00e9solution dans le but de cr\u00e9er un nouveau groupe d&rsquo;experts qui se concentre exclusivement sur les travailleurs en ligne, les sujets trans-m\u00e9diatiques et la num\u00e9risation. Le Groupe d&rsquo;Experts, appel\u00e9 au d\u00e9part Groupe d&rsquo;Experts sur les Nouveaux M\u00e9dias, s&rsquo;est rencontr\u00e9 deux fois. Lors de la derni\u00e8re r\u00e9union, il fut convenu qu&rsquo;il prenne le nom de\u00a0<strong>Groupe d&rsquo;Experts sur les M\u00e9dias Num\u00e9riques<\/strong> (EGDM).<\/p>\n<p>Le Groupe d&rsquo;Experts vise \u00e0 r\u00e9colter des donn\u00e9es pr\u00e9cises \u00e0 propos de :<\/p>\n<ul>\n<li>l&rsquo;\u00e9volution du paysage m\u00e9diatique. Le tournant num\u00e9rique implique-t-il tous les m\u00e9dias?<\/li>\n<li>l&rsquo;\u00e9volution des droits et des conditions de travail des journalistes \u0153uvrant pour les m\u00e9dias num\u00e9riques.<\/li>\n<li>l&rsquo;\u00e9volution de la politique syndicale, de la politique de recrutement et des services afin de s&rsquo;adapter aux journalistes travaillant pour des m\u00e9dias num\u00e9riques.<\/li>\n<\/ul>\n<p>L&rsquo;int\u00e9r\u00eat pour les membres de la FEJ est de conna\u00eetre les besoins de ses membres qui travaillent le support num\u00e9rique, qu&rsquo;ils soient employ\u00e9s ou \u00ab\u00a0freelance\u00a0\u00bb, jeunes journalistes ou \u00e0 mi-carri\u00e8re, ind\u00e9pendants. Le Groupe d&rsquo;Experts a d\u00e9cid\u00e9, lors de sa r\u00e9union, le 15 juin dernier, de mener une \u00e9tude au sein des pays o\u00f9 il est pr\u00e9sent\u00a0: l&rsquo;Allemagne, l&rsquo;Autriche, la Grande-Bretagne, l&rsquo;Italie, l&rsquo;Espagne et, si possible, les Pays-Bas.<\/p>\n<p>L&rsquo;enqu\u00eate circule parmi les affili\u00e9s. Elle est ouverte aux journalistes originaires de pays-membres de la FEJ ou non:\u00a0<a href=\"https:\/\/www.surveymonkey.com\/r\/Y2ZZ2HQ\">https:\/\/www.surveymonkey.com\/r\/Y2ZZ2HQ<\/a><\/p>\n<p>La FEJ tente \u00e9galement d&rsquo;influencer les d\u00e9bats de l&rsquo;Union Europ\u00e9enne concernant le\u00a0<a href=\"http:\/\/ec.europa.eu\/priorities\/digital-single-market\/docs\/dsm-communication_fr.pdf\">March\u00e9 Unique Num\u00e9rique en Europe<\/a>qui, dans sa forme actuelle, n&rsquo;inclut ni les conditions de travail ni d&rsquo;autres questions importantes sur la num\u00e9risation.<\/p>\n<p>Les membres du Groupe sont :<\/p>\n<p><strong>Nadja Igler,<\/strong> GPA-djp, Autriche, Pr\u00e9sidente<\/p>\n<p><strong>Laura Davison<\/strong>, NUJ, G-B<br \/>\n<strong>Thomas Mrazek<\/strong>, DJV, Allemagne<br \/>\n<strong>Daniela Stigliano<\/strong>, FNSI, Italie<br \/>\n<strong>Martha Barceilla,<\/strong> CCOO, Espagne<\/p>\n<p><strong>Karolien Koolhof<\/strong>, NVJ, Pays-Bas<\/p>\n<p>Repr\u00e9sentant la FEJ :\u00a0<strong>Renate Schroeder<\/strong><\/p>\n<p>Liens int\u00e9ressants :<\/p>\n<p>\u00e0 propos de Buzzfeed embauchant des journalistes d&rsquo;investigation<br \/>\n<a href=\"http:\/\/www.theguardian.com\/media\/2015\/jan\/13\/buzzfeed-hires-heidi-blake-to-head-uk-investigative-journalism-team\">http:\/\/www.theguardian.com\/media\/2015\/jan\/13\/buzzfeed-hires-heidi-blake-to-head-uk-investigative-journalism-team<\/a><\/p>\n<p><a href=\"http:\/\/www.washingtonpost.com\/news\/storyline\/wp\/2015\/01\/30\/why-internet-journalists-dont-organize\/?postshare=1551436430864621\">why Internet journalist don\u2019t organise<\/a><\/p>\n<p><a href=\"http:\/\/www.pressgazette.co.uk\/journalists-be-given-personal-online-audience-growth-targets-after-job-cuts-trinity-mirror-midlands\">http:\/\/www.pressgazette.co.uk\/journalists-be-given-personal-online-audience-growth-targets-after-job-cuts-trinity-mirror-midlands<\/a><\/p>\n<p>D\u00e9ontologie et sources du journalisme num\u00e9rique :<br \/>\n<a href=\"http:\/\/www.theguardian.com\/commentisfree\/2015\/jul\/06\/how-the-guardian-decides-which-sources-can-be-deemed-trustworthy?CMP=share_btn_tw\">http:\/\/www.theguardian.com\/commentisfree\/2015\/jul\/06\/how-the-guardian-decides-which-sources-can-be-deemed-trustworthy?CMP=share_btn_tw<\/a><\/p>\n<p><a href=\"https:\/\/ijnet.org\/en\/blog\/qa-sonya-song-ethics-gathering-social-data-and-more-digital-newsroom-challenges\">https:\/\/ijnet.org\/en\/blog\/qa-sonya-song-ethics-gathering-social-data-and-more-digital-newsroom-challenges<\/a><\/p>\n<\/div>\n<\/article>\n<\/section>\n<div class=\"sidebar-wrapper\">\n<ul class=\"sidebar\">\n<li id=\"search-2\" class=\"widget widget_search\">\n<form class=\"search-form\" action=\"http:\/\/europeanjournalists.org\/\" method=\"get\"><\/form>\n<\/li>\n<li id=\"text-5\" class=\"widget widget_text\">\n<div class=\"widget_title\">\n<h2><b>OUR<\/b> MEMBERS<\/h2>\n<\/div>\n<div class=\"textwidget\"><a href=\"http:\/\/europeanjournalists.org\/members\/\"><img decoding=\"async\" src=\"http:\/\/europeanjournalists.org\/wp-content\/uploads\/2015\/06\/image-1.png\" alt=\"Members Map\" width=\"100%\" height=\"100%\" \/><\/a><\/div>\n<\/li>\n<li id=\"text-9\" class=\"widget widget_text\">\n<div class=\"widget_title\">\n<h2><b>INTERNATIONAL<\/b> PRESS CARD<\/h2>\n<\/div>\n<div class=\"textwidget\"><a href=\"http:\/\/www.ifj.org\/press-card\/\"><img decoding=\"async\" src=\"http:\/\/www.ifj.org\/uploads\/media\/logo.png\" alt=\"IFJ Press Card\" width=\"35%\" height=\"35%\" align=\"center\" \/><\/a><\/div>\n<\/li>\n<li id=\"text-3\" class=\"widget widget_text\">\n<div class=\"widget_title\">\n<h2>@EFJEUROPE<\/h2>\n<\/div>\n<div class=\"textwidget\"><\/div>\n<\/li>\n<li id=\"metaslider_widget-6\" class=\"widget widget_metaslider_widget\">\n<div class=\"widget_title\">\n<h2><b>OUR<\/b> PROJECTS<\/h2>\n<\/div>\n<div class=\"metaslider metaslider-nivo metaslider-3083 ml-slider\">\n<div id=\"metaslider_container_3083\">\n<div class=\"slider-wrapper theme-light\">\n<div class=\"ribbon\"><\/div>\n<div id=\"metaslider_3083\" class=\"nivoSlider\">\n<p><a class=\"nivo-imageLink\" href=\"http:\/\/europeanjournalists.org\/projects\/efj-regional-development-fund\/\" target=\"_blank\"><img loading=\"lazy\" decoding=\"async\" class=\"slider-3083 slide-4476\" src=\"http:\/\/europeanjournalists.org\/wp-content\/uploads\/2015\/05\/EFJ-regional-development-391x211.jpg\" alt=\"\" width=\"650\" height=\"350\" \/><\/a><img decoding=\"async\" class=\"nivo-main-image\" src=\"http:\/\/europeanjournalists.org\/wp-content\/uploads\/2015\/05\/EFJ-regional-development-391x211.jpg\" alt=\"\" \/><\/p>\n<div class=\"nivo-caption\">EFJ Regional Development Fund<\/div>\n<div class=\"nivo-directionNav\"><a class=\"nivo-prevNav\">&lt;<\/a><a class=\"nivo-nextNav\">&gt;<\/a><\/div>\n<div class=\"nivo-slice\"><img decoding=\"async\" src=\"http:\/\/europeanjournalists.org\/wp-content\/uploads\/2015\/05\/EFJ-regional-development-391x211.jpg\" alt=\"\" \/><\/div>\n<div class=\"nivo-slice\"><img decoding=\"async\" src=\"http:\/\/europeanjournalists.org\/wp-content\/uploads\/2015\/05\/EFJ-regional-development-391x211.jpg\" alt=\"\" \/><\/div>\n<div class=\"nivo-slice\"><img decoding=\"async\" src=\"http:\/\/europeanjournalists.org\/wp-content\/uploads\/2015\/05\/EFJ-regional-development-391x211.jpg\" alt=\"\" \/><\/div>\n<div class=\"nivo-slice\"><img decoding=\"async\" src=\"http:\/\/europeanjournalists.org\/wp-content\/uploads\/2015\/05\/EFJ-regional-development-391x211.jpg\" alt=\"\" \/><\/div>\n<div class=\"nivo-slice\"><img decoding=\"async\" src=\"http:\/\/europeanjournalists.org\/wp-content\/uploads\/2015\/05\/EFJ-regional-development-391x211.jpg\" alt=\"\" \/><\/div>\n<div class=\"nivo-slice\"><img decoding=\"async\" src=\"http:\/\/europeanjournalists.org\/wp-content\/uploads\/2015\/05\/EFJ-regional-development-391x211.jpg\" alt=\"\" \/><\/div>\n<div class=\"nivo-slice\"><img decoding=\"async\" src=\"http:\/\/europeanjournalists.org\/wp-content\/uploads\/2015\/05\/EFJ-regional-development-391x211.jpg\" alt=\"\" \/><\/div>\n<div class=\"nivo-slice\"><img decoding=\"async\" src=\"http:\/\/europeanjournalists.org\/wp-content\/uploads\/2015\/05\/EFJ-regional-development-391x211.jpg\" alt=\"\" \/><\/div>\n<div class=\"nivo-slice\"><img decoding=\"async\" src=\"http:\/\/europeanjournalists.org\/wp-content\/uploads\/2015\/05\/EFJ-regional-development-391x211.jpg\" alt=\"\" \/><\/div>\n<div class=\"nivo-slice\"><img decoding=\"async\" src=\"http:\/\/europeanjournalists.org\/wp-content\/uploads\/2015\/05\/EFJ-regional-development-391x211.jpg\" alt=\"\" \/><\/div>\n<div class=\"nivo-slice\"><img decoding=\"async\" src=\"http:\/\/europeanjournalists.org\/wp-content\/uploads\/2015\/05\/EFJ-regional-development-391x211.jpg\" alt=\"\" \/><\/div>\n<div class=\"nivo-slice\"><img decoding=\"async\" src=\"http:\/\/europeanjournalists.org\/wp-content\/uploads\/2015\/05\/EFJ-regional-development-391x211.jpg\" alt=\"\" \/><\/div>\n<div class=\"nivo-slice\"><img decoding=\"async\" src=\"http:\/\/europeanjournalists.org\/wp-content\/uploads\/2015\/05\/EFJ-regional-development-391x211.jpg\" alt=\"\" \/><\/div>\n<div class=\"nivo-slice\"><img decoding=\"async\" src=\"http:\/\/europeanjournalists.org\/wp-content\/uploads\/2015\/05\/EFJ-regional-development-391x211.jpg\" alt=\"\" \/><\/div>\n<div class=\"nivo-slice\"><img decoding=\"async\" src=\"http:\/\/europeanjournalists.org\/wp-content\/uploads\/2015\/05\/EFJ-regional-development-391x211.jpg\" alt=\"\" \/><\/div>\n<\/div>\n<div class=\"nivo-controlNav\"><a class=\"nivo-control\" rel=\"0\">1<\/a><a class=\"nivo-control\" rel=\"1\">2<\/a><a class=\"nivo-control\" rel=\"2\">3<\/a><a class=\"nivo-control\" rel=\"3\">4<\/a><a class=\"nivo-control\" rel=\"4\">5<\/a><a class=\"nivo-control active\" rel=\"5\">6<\/a><a class=\"nivo-control\" rel=\"6\">7<\/a><a class=\"nivo-control\" rel=\"7\">8<\/a><\/div>\n<\/div>\n<\/div>\n<\/div>\n<\/li>\n<li id=\"metaslider_widget-3\" class=\"widget widget_metaslider_widget\">\n<div class=\"widget_title\">\n<h2><b>EFJ<\/b> IS A MEMBER OF<\/h2>\n<\/div>\n<div class=\"metaslider metaslider-flex metaslider-631 ml-slider nav-hidden\">\n<div id=\"metaslider_container_631\">\n<div id=\"metaslider_631\" class=\"flexslider\">\n<ul class=\"slides\">\n<li class=\"slide-905 ms-image\"><a href=\"http:\/\/www.coe.int\/t\/dghl\/standardsetting\/media\/cdmsi\/default_EN.asp\" target=\"_blank\"><img loading=\"lazy\" decoding=\"async\" class=\"slider-631 slide-905\" title=\"Council of Europe\" src=\"http:\/\/europeanjournalists.org\/wp-content\/uploads\/2014\/11\/cdmsi1.jpg\" alt=\"Council of Europe\" width=\"295\" height=\"160\" \/><\/a>\n<div class=\"caption-wrap\">\n<div class=\"caption\">Council of Europe<\/div>\n<\/div>\n<\/li>\n<li class=\"slide-828 ms-image\"><a href=\"http:\/\/www.etuc.org\/\" target=\"_blank\"><img loading=\"lazy\" decoding=\"async\" class=\"slider-631 slide-828\" title=\"European Trade Union Confederation\" src=\"http:\/\/europeanjournalists.org\/wp-content\/uploads\/2014\/11\/etuc1.jpg\" alt=\"European Trade Union Confederation\" width=\"295\" height=\"160\" \/><\/a>\n<div class=\"caption-wrap\">\n<div class=\"caption\">European Trade Union Confederation<\/div>\n<\/div>\n<\/li>\n<li class=\"slide-3322 ms-image flex-active-slide\"><a href=\"http:\/\/www.obs.coe.int\/about\/advisory-committee\" target=\"_blank\"><img loading=\"lazy\" decoding=\"async\" class=\"slider-631 slide-3322\" title=\"European Audiovisual Observatory\" src=\"http:\/\/europeanjournalists.org\/wp-content\/uploads\/2015\/03\/Capture-d%E2%80%99%C3%A9cran-2015-03-02-%C3%A0-16.08.22-217x118.png\" alt=\"European Audiovisual Observatory\" width=\"295\" height=\"160\" \/><\/a>\n<div class=\"caption-wrap\">\n<div class=\"caption\">European Audiovisual Observatory<\/div>\n<\/div>\n<\/li>\n<li class=\"slide-906 ms-image\"><a href=\"http:\/\/ec.europa.eu\/social\/main.jsp?catId=480&amp;langId=en&amp;intPageId=1825\" target=\"_blank\"><img loading=\"lazy\" decoding=\"async\" class=\"slider-631 slide-906\" title=\"European Social Dialogue\" src=\"http:\/\/europeanjournalists.org\/wp-content\/uploads\/2014\/11\/eusocialdialogue1.jpg\" alt=\"European Social Dialogue\" width=\"295\" height=\"160\" \/><\/a>\n<div class=\"caption-wrap\">\n<div class=\"caption\">European Social Dialogue<\/div>\n<\/div>\n<\/li>\n<li class=\"slide-1220 ms-image\"><a href=\"http:\/\/www.alter-eu.org\/\" target=\"_blank\"><img loading=\"lazy\" decoding=\"async\" class=\"slider-631 slide-1220\" title=\"Alliance for Lobbying Transparency and Ethics Regulation\" src=\"http:\/\/europeanjournalists.org\/wp-content\/uploads\/2014\/11\/alter-eu11.jpg\" alt=\"Alliance for Lobbying Transparency and Ethics Regulation\" width=\"295\" height=\"160\" \/><\/a>\n<div class=\"caption-wrap\">\n<div class=\"caption\">Alliance for Lobbying Transparency and Ethics Regulation<\/div>\n<\/div>\n<\/li>\n<li class=\"slide-5082 ms-image\"><a href=\"http:\/\/ecpmf.eu\/\" target=\"_blank\"><img loading=\"lazy\" decoding=\"async\" class=\"slider-631 slide-5082\" src=\"http:\/\/europeanjournalists.org\/wp-content\/uploads\/2015\/07\/ecpmf-e1435825205110-290x157.png\" alt=\"\" width=\"295\" height=\"160\" \/><\/a>\n<div class=\"caption-wrap\">\n<div class=\"caption\">European Centre for Press and Media Freedom<\/div>\n<\/div>\n<\/li>\n<\/ul>\n<ul class=\"flex-direction-nav\">\n<li><a class=\"flex-prev\" href=\"http:\/\/europeanjournalists.org\/expert-groups\/converging-media-expert-group-coneg\/#\">&lt;<\/a><\/li>\n<li><a class=\"flex-next\" href=\"http:\/\/europeanjournalists.org\/expert-groups\/converging-media-expert-group-coneg\/#\">&gt;<\/a><\/li>\n<\/ul>\n<\/div>\n<\/div>\n<\/div>\n<\/li>\n<li id=\"metaslider_widget-4\" class=\"widget widget_metaslider_widget\">\n<div class=\"widget_title\">\n<h2><b>EFJ<\/b> WORKS WITH<\/h2>\n<\/div>\n<div class=\"metaslider metaslider-flex metaslider-634 ml-slider nav-hidden nav-hidden\">\n<div id=\"metaslider_container_634\">\n<div id=\"metaslider_634\" class=\"flexslider\">\n<ul class=\"slides\">\n<li class=\"slide-944 ms-image flex-active-slide\"><img loading=\"lazy\" decoding=\"async\" class=\"slider-634 slide-944\" src=\"http:\/\/europeanjournalists.org\/wp-content\/uploads\/2014\/11\/ec-logo1-295x160.jpg\" alt=\"\" width=\"295\" height=\"160\" \/><\/li>\n<li class=\"slide-4285 ms-image\"><img loading=\"lazy\" decoding=\"async\" class=\"slider-634 slide-4285\" src=\"http:\/\/europeanjournalists.org\/wp-content\/uploads\/2015\/05\/Logotyp_uniontounion_sweden-295x160.png\" alt=\"\" width=\"295\" height=\"160\" \/><\/li>\n<li class=\"slide-941 ms-image\"><img loading=\"lazy\" decoding=\"async\" class=\"slider-634 slide-941\" src=\"http:\/\/europeanjournalists.org\/wp-content\/uploads\/2014\/11\/fes1.jpg\" alt=\"\" width=\"295\" height=\"160\" \/><\/li>\n<li class=\"slide-940 ms-image\"><img loading=\"lazy\" decoding=\"async\" class=\"slider-634 slide-940\" src=\"http:\/\/europeanjournalists.org\/wp-content\/uploads\/2014\/11\/index1.jpg\" alt=\"\" width=\"295\" height=\"160\" \/><\/li>\n<li class=\"slide-943 ms-image\"><img loading=\"lazy\" decoding=\"async\" class=\"slider-634 slide-943\" src=\"http:\/\/europeanjournalists.org\/wp-content\/uploads\/2014\/11\/unesco1.jpg\" alt=\"\" width=\"295\" height=\"160\" \/><\/li>\n<\/ul>\n<ul class=\"flex-direction-nav\">\n<li><a class=\"flex-prev\" href=\"http:\/\/europeanjournalists.org\/expert-groups\/converging-media-expert-group-coneg\/#\">&lt;<\/a><\/li>\n<li><a class=\"flex-next\" href=\"http:\/\/europeanjournalists.org\/expert-groups\/converging-media-expert-group-coneg\/#\">&gt;<\/a><\/li>\n<\/ul>\n<\/div>\n<\/div>\n<\/div>\n<\/li>\n<li id=\"text-7\" class=\"widget widget_text\">\n<div class=\"widget_title\">\n<h2><b>EFJ<\/b> SUPPORTS<\/h2>\n<\/div>\n<div class=\"textwidget\"><a href=\"http:\/\/ifj-safety.org\/en\/contents\/the-ifj-safety-fund\"><img decoding=\"async\" src=\"http:\/\/europeanjournalists.org\/wp-content\/uploads\/2015\/01\/ifj-safety.png\" alt=\"IFJ Safety Fund\" width=\"100%\" height=\"100%\" \/><\/a><\/div>\n<\/li>\n<li id=\"nav_menu-3\" class=\"widget widget_nav_menu\">\n<div class=\"widget_title\">\n<h2><b>EXPERT<\/b> GROUPS<\/h2>\n<\/div>\n<div class=\"menu-expert-groups-container\">\n<ul id=\"menu-expert-groups\" class=\"menu\">\n<li id=\"menu-item-1943\" class=\"menu-item menu-item-type-post_type menu-item-object-page menu-item-1943\"><a href=\"http:\/\/europeanjournalists.org\/policy\/authors-rights\/\">Authors\u2019 Rights<\/a><\/li>\n<li id=\"menu-item-1819\" class=\"menu-item menu-item-type-post_type menu-item-object-page menu-item-1819\"><a href=\"http:\/\/europeanjournalists.org\/policy\/freelance\/\">Freelance<\/a><\/li>\n<li id=\"menu-item-1888\" class=\"menu-item menu-item-type-post_type menu-item-object-page menu-item-1888\"><a href=\"http:\/\/europeanjournalists.org\/policy\/public-service-broadcasting\/\">Broadcasting<\/a><\/li>\n<li id=\"menu-item-1949\" class=\"menu-item menu-item-type-post_type menu-item-object-page menu-item-1949\"><a href=\"http:\/\/europeanjournalists.org\/policy\/labour-rights\/\">Labour Rights<\/a><\/li>\n<li id=\"menu-item-5169\" class=\"menu-item menu-item-type-post_type menu-item-object-page current-menu-item page_item page-item-4326 current_page_item menu-item-5169\"><a href=\"http:\/\/europeanjournalists.org\/expert-groups\/converging-media-expert-group-coneg\/\">Digital Journalism<\/a><\/li>\n<li id=\"menu-item-3082\" class=\"menu-item menu-item-type-post_type menu-item-object-page menu-item-3082\"><a href=\"http:\/\/europeanjournalists.org\/contact-us\/\">Contact Us<\/a><\/li>\n<\/ul>\n<\/div>\n<\/li>\n<li id=\"tribe-events-list-widget-3\" class=\"widget tribe-events-list-widget\">\n<div class=\"widget_title\">\n<h2><b>UPCOMING<\/b> EVENTS<\/h2>\n<\/div>\n<ol class=\"hfeed vcalendar\">\n<li class=\"tribe-events-list-widget-events hentry vevent type-tribe_events post-3399 tribe-clearfix tribe-events-organizer-551 tribe-events-first tribe-events-last\">\n<h4 class=\"entry-title summary\"><a href=\"http:\/\/europeanjournalists.org\/event\/rights-and-jobs-seminar-in-spain\/\" rel=\"bookmark\">Rights and Jobs seminar in Spain<\/a><\/h4>\n<div class=\"duration\"><span class=\"date-start dtstart\">September 24<\/span> &#8211; <span class=\"date-end dtend\">September 25<\/span><\/div>\n<\/li>\n<li class=\"tribe-events-list-widget-events hentry vevent type-tribe_events post-5812 tribe-clearfix tribe-events-venue-477 tribe-events-organizer-5273 tribe-events-first tribe-events-last\">\n<h4 class=\"entry-title summary\"><a href=\"http:\/\/europeanjournalists.org\/event\/etuc-extraordinary-steering-committee-meeting\/\" rel=\"bookmark\">ETUC Extraordinary steering committee meeting<\/a><\/h4>\n<div class=\"duration\"><span class=\"date-start dtstart\">September 28<\/span><\/div>\n<\/li>\n<li class=\"tribe-events-list-widget-events hentry vevent type-tribe_events post-1710 tribe-clearfix tribe-events-venue-477 tribe-events-organizer-0 tribe-events-organizer-0 tribe-events-organizer-0 tribe-events-organizer-0 tribe-events-first tribe-events-last\">\n<h4 class=\"entry-title summary\"><a href=\"http:\/\/europeanjournalists.org\/event\/ip-in-a-digital-world-ip-observatory-2\/\" rel=\"bookmark\">IP in a digital world, IP observatory<\/a><\/h4>\n<div class=\"duration\"><span class=\"date-start dtstart\">September 29<\/span> &#8211; <span class=\"date-end dtend\">September 30<\/span><\/div>\n<\/li>\n<\/ol>\n<p class=\"tribe-events-widget-link\"><a href=\"http:\/\/europeanjournalists.org\/events\/\" rel=\"bookmark\">View All Events<\/a><\/p>\n<\/li>\n<li id=\"wysija-2\" class=\"widget widget_wysija\">\n<div class=\"widget_title\">\n<h2><b>FREE<\/b> SUBSCRIPTION TO EFJ NEWS<\/h2>\n<\/div>\n<div class=\"widget_wysija_cont\">\n<div id=\"msg-form-wysija-2\" class=\"wysija-msg ajax\"><\/div>\n<form id=\"form-wysija-2\" class=\"widget_wysija\" action=\"http:\/\/europeanjournalists.org\/expert-groups\/converging-media-expert-group-coneg\/#wysija\" method=\"post\">\n<p class=\"wysija-paragraph\"><label>Email <span class=\"wysija-required\">*<\/span><\/label><\/p>\n<\/form>\n<\/div>\n<\/li>\n<li id=\"text-12\" class=\"widget widget_text\">\n<div class=\"widget_title\">\n<h2><b>JOBS<\/b><\/h2>\n<\/div>\n<div class=\"textwidget\"><a href=\"http:\/\/europeanjournalists.org\/about-efj\/jobs-and-opportunities\/\"><img decoding=\"async\" src=\"http:\/\/europeanjournalists.org\/wp-content\/uploads\/2015\/07\/jobs-efj.jpg\" alt=\"EFJ Jobs &amp; Ops\" \/><\/a><\/div>\n<\/li>\n<\/ul>\n<\/div>\n<p>&nbsp;<\/p>\n","protected":false},"excerpt":{"rendered":"<p>Lors de son Assembl\u00e9e G\u00e9n\u00e9rale \u00e0 Verviers (Belgique), en 2013, la FEJ avait adopt\u00e9 une r\u00e9solution dans le but de cr\u00e9er un nouveau groupe d&rsquo;experts qui se concentre exclusivement sur les travailleurs en ligne, les sujets trans-m\u00e9diatiques et la num\u00e9risation. Le Groupe d&rsquo;Experts, appel\u00e9 au d\u00e9part Groupe d&rsquo;Experts sur les Nouveaux M\u00e9dias, s&rsquo;est rencontr\u00e9 deux fois. Lors de la derni\u00e8re r\u00e9union, il fut convenu qu&rsquo;il prenne le nom de\u00a0Groupe d&rsquo;Experts sur les M\u00e9dias Num\u00e9riques (EGDM). Le Groupe d&rsquo;Experts vise \u00e0 r\u00e9colter des donn\u00e9es pr\u00e9cises \u00e0 propos de : l&rsquo;\u00e9volution du paysage m\u00e9diatique. Le tournant num\u00e9rique implique-t-il tous les m\u00e9dias? l&rsquo;\u00e9volution&hellip;<\/p>\n","protected":false},"author":3,"featured_media":0,"parent":15,"menu_order":0,"comment_status":"closed","ping_status":"closed","template":"","meta":{"footnotes":""},"class_list":["post-2467","page","type-page","status-publish","hentry"],"_links":{"self":[{"href":"https:\/\/europeanjournalists.org\/fr\/wp-json\/wp\/v2\/pages\/2467","targetHints":{"allow":["GET"]}}],"collection":[{"href":"https:\/\/europeanjournalists.org\/fr\/wp-json\/wp\/v2\/pages"}],"about":[{"href":"https:\/\/europeanjournalists.org\/fr\/wp-json\/wp\/v2\/types\/page"}],"author":[{"embeddable":true,"href":"https:\/\/europeanjournalists.org\/fr\/wp-json\/wp\/v2\/users\/3"}],"replies":[{"embeddable":true,"href":"https:\/\/europeanjournalists.org\/fr\/wp-json\/wp\/v2\/comments?post=2467"}],"version-history":[{"count":4,"href":"https:\/\/europeanjournalists.org\/fr\/wp-json\/wp\/v2\/pages\/2467\/revisions"}],"predecessor-version":[{"id":2473,"href":"https:\/\/europeanjournalists.org\/fr\/wp-json\/wp\/v2\/pages\/2467\/revisions\/2473"}],"up":[{"embeddable":true,"href":"https:\/\/europeanjournalists.org\/fr\/wp-json\/wp\/v2\/pages\/15"}],"wp:attachment":[{"href":"https:\/\/europeanjournalists.org\/fr\/wp-json\/wp\/v2\/media?parent=2467"}],"curies":[{"name":"wp","href":"https:\/\/api.w.org\/{rel}","templated":true}]}}