{"id":80,"date":"2014-09-23T14:40:19","date_gmt":"2014-09-23T12:40:19","guid":{"rendered":"http:\/\/e-f-j.eu\/?page_id=80"},"modified":"2025-06-10T13:50:16","modified_gmt":"2025-06-10T13:50:16","slug":"resolutions","status":"publish","type":"page","link":"https:\/\/europeanjournalists.org\/fr\/about-efj\/resolutions\/","title":{"rendered":"R\u00e9solutions"},"content":{"rendered":"<p>(&#8230;) L&rsquo;assembl\u00e9e g\u00e9n\u00e9rale statue sur les motions relatives aux activit\u00e9s de la F\u00e9d\u00e9ration europ\u00e9enne des journalistes. Les syndicats membres et les associations ayant le droit de vote ainsi que le Comit\u00e9 directeur ont le droit de pr\u00e9senter des motions. Les motions des syndicats et associations membres doivent \u00eatre soumises au Comit\u00e9 directeur au moins un mois avant l&rsquo;AG et doivent \u00eatre envoy\u00e9es aux membres au moins deux semaines avant l&rsquo;AG. (\u2026)<\/p>\n<div class=\"article_content\">\n<ul>\n<li><a href=\"https:\/\/europeanjournalists.org\/fr\/wp-content\/uploads\/sites\/2\/2025\/06\/FINAL-Re\u0301solutions-et-de\u0301clarations-adopte\u0301es-par-lAG-de-la-FEJ.docx.pdf\">R\u00e9solutions et d\u00e9clarations, Budapest 2025<\/a><\/li>\n<li><a href=\"https:\/\/europeanjournalists.org\/fr\/wp-content\/uploads\/sites\/2\/2024\/06\/Resolutions-2024.docx\">R\u00e9solutions et d\u00e9clarations, Prishtina 2024<\/a><\/li>\n<li><a href=\"https:\/\/europeanjournalists.org\/fr\/wp-content\/uploads\/sites\/2\/2023\/05\/Resolutions-et-declarations-La-Haye-2023.docx.pdf\">Re\u0301solutions et de\u0301clarations, La Haye 2023<\/a><\/li>\n<li>R\u00e9solutions et d\u00e9clarations, Izmir 2022<\/li>\n<li><a href=\"https:\/\/europeanjournalists.org\/fr\/wp-content\/uploads\/sites\/2\/2021\/10\/Re\u0301solutions-et-de\u0301clarations-Zagreb-2021-2.pdf\">Re\u0301solutions et de\u0301clarations, Zagreb 2021<\/a><\/li>\n<li><a href=\"https:\/\/europeanjournalists.org\/fr\/wp-content\/uploads\/sites\/2\/2020\/11\/FR-re\u0301solutions-2020-AM-1.pdf\">R\u00e9solutions et d\u00e9clarations, en ligne 2020<\/a><\/li>\n<li><a href=\"https:\/\/europeanjournalists.org\/wp-content\/uploads\/2019\/05\/FR-Motions-sur-les-activite%CC%81s-.pdf\">R\u00e9solutions et d\u00e9clarations, Tallinn 2019<\/a><\/li>\n<li><a href=\"https:\/\/europeanjournalists.org\/wp-content\/uploads\/2018\/06\/resolutions-final-1.pdf\">R\u00e9solutions et d\u00e9clarations, Lisbonne 2018<\/a><\/li>\n<li>\n<div class=\"\"><a href=\"https:\/\/europeanjournalists.org\/blog\/2017\/05\/19\/resolutions-2017-efj-am-bucharest\/\">R\u00e9solutions et d\u00e9clarations, Bucarest 2017<\/a><\/div>\n<\/li>\n<li><a href=\"https:\/\/europeanjournalists.org\/blog\/2016\/04\/28\/resolutions-and-statements-sarajevo-2016\/\">R\u00e9solutions et d\u00e9clarations, Sarajevo 2016<\/a><\/li>\n<li><a href=\"https:\/\/europeanjournalists.org\/blog\/2015\/06\/04\/resolutions-budva-2015\/\">R\u00e9solutions et d\u00e9clarations, Budva 2015<\/a><\/li>\n<li><a href=\"https:\/\/europeanjournalists.org\/blog\/2014\/11\/24\/resolutions-2014\/\">R\u00e9solutions Moscou 2014<\/a><\/li>\n<li><a href=\"https:\/\/europeanjournalists.org\/blog\/2013\/05\/16\/resolutions-verviers-2013\/\">R\u00e9solutions Verviers 2013<\/a><\/li>\n<\/ul>\n<\/div>\n","protected":false},"excerpt":{"rendered":"<p>(&#8230;) L&rsquo;assembl\u00e9e g\u00e9n\u00e9rale statue sur les motions relatives aux activit\u00e9s de la F\u00e9d\u00e9ration europ\u00e9enne des journalistes. Les syndicats membres et les associations ayant le droit de vote ainsi que le Comit\u00e9 directeur ont le droit de pr\u00e9senter des motions. Les motions des syndicats et associations membres doivent \u00eatre soumises au Comit\u00e9 directeur au moins un mois avant l&rsquo;AG et doivent \u00eatre envoy\u00e9es aux membres au moins deux semaines avant l&rsquo;AG. (\u2026) R\u00e9solutions et d\u00e9clarations, Budapest 2025 R\u00e9solutions et d\u00e9clarations, Prishtina 2024 Re\u0301solutions et de\u0301clarations, La Haye 2023 R\u00e9solutions et d\u00e9clarations, Izmir 2022 Re\u0301solutions et de\u0301clarations, Zagreb 2021 R\u00e9solutions et d\u00e9clarations,&hellip;<\/p>\n","protected":false},"author":1,"featured_media":0,"parent":8,"menu_order":4,"comment_status":"open","ping_status":"closed","template":"","meta":{"footnotes":""},"class_list":["post-80","page","type-page","status-publish","hentry"],"_links":{"self":[{"href":"https:\/\/europeanjournalists.org\/fr\/wp-json\/wp\/v2\/pages\/80","targetHints":{"allow":["GET"]}}],"collection":[{"href":"https:\/\/europeanjournalists.org\/fr\/wp-json\/wp\/v2\/pages"}],"about":[{"href":"https:\/\/europeanjournalists.org\/fr\/wp-json\/wp\/v2\/types\/page"}],"author":[{"embeddable":true,"href":"https:\/\/europeanjournalists.org\/fr\/wp-json\/wp\/v2\/users\/1"}],"replies":[{"embeddable":true,"href":"https:\/\/europeanjournalists.org\/fr\/wp-json\/wp\/v2\/comments?post=80"}],"version-history":[{"count":13,"href":"https:\/\/europeanjournalists.org\/fr\/wp-json\/wp\/v2\/pages\/80\/revisions"}],"predecessor-version":[{"id":5607,"href":"https:\/\/europeanjournalists.org\/fr\/wp-json\/wp\/v2\/pages\/80\/revisions\/5607"}],"up":[{"embeddable":true,"href":"https:\/\/europeanjournalists.org\/fr\/wp-json\/wp\/v2\/pages\/8"}],"wp:attachment":[{"href":"https:\/\/europeanjournalists.org\/fr\/wp-json\/wp\/v2\/media?parent=80"}],"curies":[{"name":"wp","href":"https:\/\/api.w.org\/{rel}","templated":true}]}}